{"id":4,"date":"2023-12-08T12:56:37","date_gmt":"2023-12-08T12:56:37","guid":{"rendered":"https:\/\/capat.lu\/?page_id=4"},"modified":"2026-03-03T09:05:25","modified_gmt":"2026-03-03T09:05:25","slug":"home","status":"publish","type":"page","link":"https:\/\/capat.lu\/","title":{"rendered":"Home"},"content":{"rendered":"<div class=\"wpb-content-wrapper\"><p>[vc_section el_id=\u00a0\u00bbwho-we-are\u00a0\u00bb css=\u00a0\u00bb.vc_custom_1702054151875{margin-top: 50px !important;}\u00a0\u00bb][vc_row][vc_column width=\u00a0\u00bb3\/12&Prime; offset=\u00a0\u00bbvc_hidden-sm vc_hidden-xs\u00a0\u00bb][vc_single_image image=\u00a0\u00bb11&Prime; img_size=\u00a0\u00bbfull\u00a0\u00bb el_id=\u00a0\u00bblogo-background\u00a0\u00bb][\/vc_column][vc_column width=\u00a0\u00bb9\/12&Prime;][vc_row_inner][vc_column_inner width=\u00a0\u00bb1\/4&Prime;][vc_column_text el_class=\u00a0\u00bbhead-line head-line-mobile\u00a0\u00bb css=\u00a0\u00bb.vc_custom_1702457549711{border-bottom-width: 8px !important;border-bottom-color: #3fb498 !important;border-bottom-style: solid !important;}\u00a0\u00bb]Qui sommes nous[\/vc_column_text][\/vc_column_inner][vc_column_inner width=\u00a0\u00bb3\/4&Prime;][vc_single_image image=\u00a0\u00bb267&Prime; img_size=\u00a0\u00bbfull\u00a0\u00bb onclick=\u00a0\u00bbzoom\u00a0\u00bb][vc_column_text]Notre association, CAPAT, s&rsquo;engage \u00e0 f\u00e9d\u00e9rer et \u00e0 d\u00e9fendre les int\u00e9r\u00eats des associations sans but lucratif et des fondations d\u00e9di\u00e9es au bien-\u00eatre des personnes touch\u00e9es par des pathologies sp\u00e9cifiques et de leurs proches.<\/p>\n<p>Nous \u0153uvrons avec d\u00e9termination pour soutenir nos membres dans la promotion des connaissances en mati\u00e8re de sant\u00e9 et de s\u00e9curit\u00e9 sociale, ainsi que dans la d\u00e9fense des droits des patients.<\/p>\n<p>Guid\u00e9s par une stricte neutralit\u00e9 politique, id\u00e9ologique et religieuse, nous coordonnons nos efforts pour une coop\u00e9ration efficace et la r\u00e9alisation optimale de nos objectifs communs.<\/p>\n<p>A neuf membres fondateurs, nous avons cr\u00e9\u00e9 le CAPAT en novembre 2022. D\u00e9couvrez la liste compl\u00e8te de <a class=\"membres-btn\" href=\"#membres-2\">nos membres.<\/a>[\/vc_column_text][\/vc_column_inner][\/vc_row_inner][\/vc_column][\/vc_row][\/vc_section][vc_section el_id=\u00a0\u00bbmissions\u00a0\u00bb css=\u00a0\u00bb.vc_custom_1731406071895{margin-top: 50px !important;}\u00a0\u00bb][vc_row][vc_column width=\u00a0\u00bb1\/4&Prime; offset=\u00a0\u00bbvc_hidden-sm vc_hidden-xs\u00a0\u00bb][\/vc_column][vc_column width=\u00a0\u00bb3\/4&Prime;][vc_row_inner][vc_column_inner width=\u00a0\u00bb1\/4&Prime;][vc_column_text el_class=\u00a0\u00bbhead-line head-line-mobile\u00a0\u00bb css=\u00a0\u00bb.vc_custom_1702457657875{border-bottom-width: 8px !important;border-bottom-color: #95c11f !important;border-bottom-style: solid !important;}\u00a0\u00bb]Missions[\/vc_column_text][\/vc_column_inner][vc_column_inner width=\u00a0\u00bb3\/4&Prime;][vc_column_text]L\u2019association a pour vocation de f\u00e9d\u00e9rer et de d\u00e9fendre les int\u00e9r\u00eats communs des associations sans but lucratif et des fondations \u0153uvrant, sans finalit\u00e9 lucrative, dans l\u2019int\u00e9r\u00eat des personnes atteintes de pathologies sp\u00e9cifiques et de leurs proches. L\u2019objet de l\u2019association consiste \u00e0 soutenir les membres<\/p>\n<p><strong>a)<\/strong> dans leurs missions de d\u00e9fense des int\u00e9r\u00eats et des droits des patients ainsi que des proches de patients dans le cadre des politiques de sant\u00e9 et de s\u00e9curit\u00e9 sociale ;<\/p>\n<p><strong>b)<\/strong> dans la promotion du d\u00e9veloppement des connaissances en mati\u00e8re de sant\u00e9 et de s\u00e9curit\u00e9 sociale des patients et des proches de patients tout au long de leurs parcours ;<\/p>\n<p><strong>c)<\/strong> dans le cadre d\u2019un acc\u00e8s efficient \u00e0 l\u2019information des patients et des proches de patients sur leurs droits et obligations relatifs \u00e0 la sant\u00e9 et \u00e0 la s\u00e9curit\u00e9 sociale ;<\/p>\n<p>et \u00e0 coordonner leurs activit\u00e9s dans l\u2019int\u00e9r\u00eat de leur coop\u00e9ration efficace aux fins d\u2019une r\u00e9alisation optimale des objectifs qui pr\u00e9c\u00e8dent. Le Cercle des Associations de PATients (CAPAT) observe une stricte neutralit\u00e9 politique, id\u00e9ologique et religieuse.[\/vc_column_text][\/vc_column_inner][\/vc_row_inner][\/vc_column][\/vc_row][\/vc_section][vc_section el_id=\u00a0\u00bbour-team\u00a0\u00bb css=\u00a0\u00bb.vc_custom_1731406596935{margin-top: 50px !important;}\u00a0\u00bb][vc_row][vc_column width=\u00a0\u00bb1\/4&Prime; offset=\u00a0\u00bbvc_hidden-sm vc_hidden-xs\u00a0\u00bb][\/vc_column][vc_column width=\u00a0\u00bb3\/4&Prime;][vc_row_inner][vc_column_inner width=\u00a0\u00bb1\/4&Prime;][vc_column_text el_class=\u00a0\u00bbhead-line head-line-mobile\u00a0\u00bb css=\u00a0\u00bb.vc_custom_1731496581224{border-bottom-width: 8px !important;border-bottom-color: #e71d73 !important;border-bottom-style: solid !important;}\u00a0\u00bb]Notre \u00e9quipe[\/vc_column_text][\/vc_column_inner][vc_column_inner width=\u00a0\u00bb3\/4&Prime;][vc_text_separator title=\u00a0\u00bbConseil d\u2019Administration\u00a0\u00bb][vc_column_text]<strong>Repr\u00e9sentant les membres fondateurs<\/strong><\/p>\n<p><strong>Pr\u00e9sidence <\/strong><\/p>\n<p>Shirley FEIDER \u2013 ALAN a.s.b.l<\/p>\n<p><strong>Secr\u00e9tariat <\/strong><\/p>\n<p>Claudia GAEBEL \u2013 Fondation Cancer<\/p>\n<p><strong>Tr\u00e9sorerie <\/strong><\/p>\n<p>Denis MANCINI \u2013 Association Luxembourg Alzheimer<\/p>\n<p><strong>Membres<\/strong><\/p>\n<p>Pierre DOCHEN \u2013 Fondation Kriibskrank Kanner<br \/>\nChantal KELLER \u2013 Bl\u00ebtz a.s.b.l<br \/>\nThierry LENTZ \u2013 Parkinson Luxembourg a.s.b.l<br \/>\nAnne LEURS \u2013 Ligue luxembourgeoise de la scl\u00e9rose en plaques a.s.b.l<br \/>\nSylvie PAQUET \u2013 Association luxembourgeoise du diab\u00e8te a.s.b.l<br \/>\nPatrick SIMON \u2013 Fondation Autisme Luxembourg[\/vc_column_text][vc_text_separator title=\u00a0\u00bbCoordination\u00a0\u00bb][\/vc_column_inner][\/vc_row_inner][vc_row_inner equal_height=\u00a0\u00bbyes\u00a0\u00bb content_placement=\u00a0\u00bbmiddle\u00a0\u00bb][vc_column_inner width=\u00a0\u00bb1\/4&Prime; offset=\u00a0\u00bbvc_hidden-md vc_hidden-sm vc_hidden-xs\u00a0\u00bb][\/vc_column_inner][vc_column_inner width=\u00a0\u00bb2\/6&Prime;][vc_single_image image=\u00a0\u00bb185&Prime; img_size=\u00a0\u00bbfull\u00a0\u00bb alignment=\u00a0\u00bbcenter\u00a0\u00bb css=\u00a0\u00bb.vc_custom_1731407156744{margin-bottom: 0px !important;padding-bottom: 0px !important;}\u00a0\u00bb][vc_column_text]<\/p>\n<p style=\"text-align: center;\"><strong>Marie MARON<\/strong><\/p>\n<p>[\/vc_column_text][\/vc_column_inner][vc_column_inner width=\u00a0\u00bb2\/6&Prime;][vc_single_image image=\u00a0\u00bb209&Prime; img_size=\u00a0\u00bbfull\u00a0\u00bb alignment=\u00a0\u00bbcenter\u00a0\u00bb css=\u00a0\u00bb.vc_custom_1731614262626{margin-bottom: 0px !important;padding-bottom: 0px !important;}\u00a0\u00bb][vc_column_text]<\/p>\n<p style=\"text-align: center;\"><strong>Sabrina RERMAN<\/strong><\/p>\n<p>[\/vc_column_text][\/vc_column_inner][\/vc_row_inner][\/vc_column][\/vc_row][\/vc_section][vc_section el_id=\u00a0\u00bbmembres\u00a0\u00bb][vc_row][vc_column width=\u00a0\u00bb1\/4&Prime; offset=\u00a0\u00bbvc_hidden-sm vc_hidden-xs\u00a0\u00bb][\/vc_column][vc_column width=\u00a0\u00bb3\/4&Prime;][vc_row_inner][vc_column_inner width=\u00a0\u00bb1\/4&Prime;][vc_column_text el_class=\u00a0\u00bbhead-line head-line-mobile\u00a0\u00bb css=\u00a0\u00bb.vc_custom_1702457669487{border-bottom-width: 8px !important;border-bottom-color: #f39200 !important;border-bottom-style: solid !important;}\u00a0\u00bb]Membres[\/vc_column_text][\/vc_column_inner][vc_column_inner width=\u00a0\u00bb3\/4&Prime;][vc_column_text css=\u00a0\u00bb.vc_custom_1731407182342{margin-top: 50px !important;margin-bottom: 0px !important;}\u00a0\u00bb]<\/p>\n<h4><strong>Membres fondateurs<\/strong><\/h4>\n<p>[\/vc_column_text][\/vc_column_inner][\/vc_row_inner][vc_row_inner el_class=\u00a0\u00bbimg-shadow-border\u00a0\u00bb][vc_column_inner width=\u00a0\u00bb1\/4&Prime; offset=\u00a0\u00bbvc_hidden-md vc_hidden-sm vc_hidden-xs\u00a0\u00bb][\/vc_column_inner][vc_column_inner width=\u00a0\u00bb1\/4&Prime;][vc_single_image image=\u00a0\u00bb14&Prime; img_size=\u00a0\u00bbfull\u00a0\u00bb alignment=\u00a0\u00bbcenter\u00a0\u00bb onclick=\u00a0\u00bbcustom_link\u00a0\u00bb img_link_target=\u00a0\u00bb_blank\u00a0\u00bb link=\u00a0\u00bbhttps:\/\/ala.lu\u00a0\u00bb][vc_single_image image=\u00a0\u00bb199&Prime; img_size=\u00a0\u00bbfull\u00a0\u00bb alignment=\u00a0\u00bbcenter\u00a0\u00bb onclick=\u00a0\u00bbcustom_link\u00a0\u00bb img_link_target=\u00a0\u00bb_blank\u00a0\u00bb link=\u00a0\u00bbhttps:\/\/bletz.lu\u00a0\u00bb][vc_single_image image=\u00a0\u00bb25&Prime; img_size=\u00a0\u00bbfull\u00a0\u00bb alignment=\u00a0\u00bbcenter\u00a0\u00bb onclick=\u00a0\u00bbcustom_link\u00a0\u00bb img_link_target=\u00a0\u00bb_blank\u00a0\u00bb link=\u00a0\u00bbhttps:\/\/fondatioun.lu\u00a0\u00bb][\/vc_column_inner][vc_column_inner width=\u00a0\u00bb1\/4&Prime;][vc_single_image image=\u00a0\u00bb136&Prime; img_size=\u00a0\u00bbfull\u00a0\u00bb alignment=\u00a0\u00bbcenter\u00a0\u00bb onclick=\u00a0\u00bbcustom_link\u00a0\u00bb img_link_target=\u00a0\u00bb_blank\u00a0\u00bb link=\u00a0\u00bbhttps:\/\/www.ald.lu\u00a0\u00bb][vc_single_image image=\u00a0\u00bb201&Prime; img_size=\u00a0\u00bbfull\u00a0\u00bb alignment=\u00a0\u00bbcenter\u00a0\u00bb onclick=\u00a0\u00bbcustom_link\u00a0\u00bb img_link_target=\u00a0\u00bb_blank\u00a0\u00bb link=\u00a0\u00bbhttps:\/\/www.fal.lu\u00a0\u00bb][vc_single_image image=\u00a0\u00bb20&Prime; img_size=\u00a0\u00bbfull\u00a0\u00bb alignment=\u00a0\u00bbcenter\u00a0\u00bb onclick=\u00a0\u00bbcustom_link\u00a0\u00bb img_link_target=\u00a0\u00bb_blank\u00a0\u00bb link=\u00a0\u00bbhttps:\/\/www.msweb.lu\u00a0\u00bb][\/vc_column_inner][vc_column_inner width=\u00a0\u00bb1\/4&Prime;][vc_single_image image=\u00a0\u00bb203&Prime; img_size=\u00a0\u00bbfull\u00a0\u00bb alignment=\u00a0\u00bbcenter\u00a0\u00bb onclick=\u00a0\u00bbcustom_link\u00a0\u00bb img_link_target=\u00a0\u00bb_blank\u00a0\u00bb link=\u00a0\u00bbhttps:\/\/alan.lu\u00a0\u00bb][vc_single_image image=\u00a0\u00bb21&Prime; img_size=\u00a0\u00bbfull\u00a0\u00bb alignment=\u00a0\u00bbcenter\u00a0\u00bb onclick=\u00a0\u00bbcustom_link\u00a0\u00bb img_link_target=\u00a0\u00bb_blank\u00a0\u00bb link=\u00a0\u00bbhttps:\/\/cancer.lu\u00a0\u00bb][vc_single_image image=\u00a0\u00bb19&Prime; img_size=\u00a0\u00bbfull\u00a0\u00bb alignment=\u00a0\u00bbcenter\u00a0\u00bb onclick=\u00a0\u00bbcustom_link\u00a0\u00bb img_link_target=\u00a0\u00bb_blank\u00a0\u00bb link=\u00a0\u00bbhttps:\/\/www.parkinsonlux.lu\u00a0\u00bb][\/vc_column_inner][\/vc_row_inner][vc_row_inner][vc_column_inner width=\u00a0\u00bb1\/4&Prime; offset=\u00a0\u00bbvc_hidden-md vc_hidden-sm vc_hidden-xs\u00a0\u00bb][\/vc_column_inner][vc_column_inner width=\u00a0\u00bb3\/4&Prime; el_id=\u00a0\u00bbmembres-2&Prime;][vc_column_text]<\/p>\n<h4><strong>Membres<\/strong><\/h4>\n<p>[\/vc_column_text][\/vc_column_inner][\/vc_row_inner][vc_row_inner el_class=\u00a0\u00bbimg-shadow-border\u00a0\u00bb][vc_column_inner width=\u00a0\u00bb1\/4&Prime; offset=\u00a0\u00bbvc_hidden-md vc_hidden-sm vc_hidden-xs\u00a0\u00bb][\/vc_column_inner][vc_column_inner width=\u00a0\u00bb1\/4&Prime;][vc_single_image image=\u00a0\u00bb16&Prime; img_size=\u00a0\u00bbfull\u00a0\u00bb alignment=\u00a0\u00bbcenter\u00a0\u00bb onclick=\u00a0\u00bbcustom_link\u00a0\u00bb img_link_target=\u00a0\u00bb_blank\u00a0\u00bb link=\u00a0\u00bbhttps:\/\/alig.lu\u00a0\u00bb][vc_single_image image=\u00a0\u00bb242&Prime; img_size=\u00a0\u00bbfull\u00a0\u00bb alignment=\u00a0\u00bbcenter\u00a0\u00bb onclick=\u00a0\u00bbcustom_link\u00a0\u00bb img_link_target=\u00a0\u00bb_blank\u00a0\u00bb link=\u00a0\u00bbhttps:\/\/www.luxallergy.net\u00a0\u00bb][vc_single_image image=\u00a0\u00bb246&Prime; img_size=\u00a0\u00bbfull\u00a0\u00bb alignment=\u00a0\u00bbcenter\u00a0\u00bb onclick=\u00a0\u00bbcustom_link\u00a0\u00bb img_link_target=\u00a0\u00bb_blank\u00a0\u00bb link=\u00a0\u00bbhttps:\/\/www.luxallergy.net\u00a0\u00bb][\/vc_column_inner][vc_column_inner width=\u00a0\u00bb1\/4&Prime;][vc_single_image image=\u00a0\u00bb17&Prime; img_size=\u00a0\u00bbfull\u00a0\u00bb alignment=\u00a0\u00bbcenter\u00a0\u00bb onclick=\u00a0\u00bbcustom_link\u00a0\u00bb img_link_target=\u00a0\u00bb_blank\u00a0\u00bb link=\u00a0\u00bbhttps:\/\/www.incci.lu\/fr\/amicale-des-patients-de-lincci\u00a0\u00bb][vc_single_image image=\u00a0\u00bb15&Prime; img_size=\u00a0\u00bbfull\u00a0\u00bb alignment=\u00a0\u00bbcenter\u00a0\u00bb onclick=\u00a0\u00bbcustom_link\u00a0\u00bb img_link_target=\u00a0\u00bb_blank\u00a0\u00bb link=\u00a0\u00bbhttps:\/\/www.luxallergy.net\u00a0\u00bb][vc_single_image image=\u00a0\u00bb248&Prime; img_size=\u00a0\u00bbfull\u00a0\u00bb alignment=\u00a0\u00bbcenter\u00a0\u00bb onclick=\u00a0\u00bbcustom_link\u00a0\u00bb img_link_target=\u00a0\u00bb_blank\u00a0\u00bb link=\u00a0\u00bbhttps:\/\/www.luxallergy.net\u00a0\u00bb][\/vc_column_inner][vc_column_inner width=\u00a0\u00bb1\/4&Prime;][vc_single_image image=\u00a0\u00bb18&Prime; img_size=\u00a0\u00bbfull\u00a0\u00bb alignment=\u00a0\u00bbcenter\u00a0\u00bb onclick=\u00a0\u00bbcustom_link\u00a0\u00bb img_link_target=\u00a0\u00bb_blank\u00a0\u00bb link=\u00a0\u00bbhttps:\/\/www.europadonna.lu\u00a0\u00bb][vc_single_image image=\u00a0\u00bb244&Prime; img_size=\u00a0\u00bbfull\u00a0\u00bb alignment=\u00a0\u00bbcenter\u00a0\u00bb onclick=\u00a0\u00bbcustom_link\u00a0\u00bb img_link_target=\u00a0\u00bb_blank\u00a0\u00bb link=\u00a0\u00bbhttps:\/\/www.luxallergy.net\u00a0\u00bb][\/vc_column_inner][\/vc_row_inner][\/vc_column][\/vc_row][\/vc_section][vc_section disable_element=\u00a0\u00bbyes\u00a0\u00bb el_id=\u00a0\u00bbjobs\u00a0\u00bb css=\u00a0\u00bb.vc_custom_1753100049450{margin-top: 50px !important;}\u00a0\u00bb][vc_row][vc_column width=\u00a0\u00bb1\/4&Prime; offset=\u00a0\u00bbvc_hidden-sm vc_hidden-xs\u00a0\u00bb][\/vc_column][vc_column width=\u00a0\u00bb3\/4&Prime;][vc_row_inner][vc_column_inner width=\u00a0\u00bb1\/4&Prime;][vc_column_text el_class=\u00a0\u00bbhead-line head-line-mobile\u00a0\u00bb css=\u00a0\u00bb.vc_custom_1706787350923{border-bottom-width: 8px !important;border-bottom-color: #3fb498 !important;border-bottom-style: solid !important;}\u00a0\u00bb]Jobs[\/vc_column_text][\/vc_column_inner][vc_column_inner width=\u00a0\u00bb3\/4&Prime; css=\u00a0\u00bb.vc_custom_1731406057375{margin-top: 50px !important;}\u00a0\u00bb][vc_column_text]<\/p>\n<p style=\"text-align: center;\"><strong>Actuellement il n\u2019y a pas de poste \u00e0 pourvoir<\/strong><\/p>\n<p>[\/vc_column_text][\/vc_column_inner][\/vc_row_inner][vc_row_inner disable_element=\u00a0\u00bbyes\u00a0\u00bb][vc_column_inner][vc_column_text]<\/p>\n<h3><strong>CAPAT a.s.b.l. cherche un(e)\u00a0:<\/strong><\/h3>\n<p>Coordinateur (m\/f\/d)<br \/>\nCDI (mi-temps)<br \/>\nCCT SAS C6[\/vc_column_text][vc_btn title=\u00a0\u00bbPDF\u00a0\u00bb style=\u00a0\u00bbcustom\u00a0\u00bb custom_background=\u00a0\u00bb#3fb498&Prime; custom_text=\u00a0\u00bb#ffffff\u00a0\u00bb shape=\u00a0\u00bbsquare\u00a0\u00bb size=\u00a0\u00bbsm\u00a0\u00bb align=\u00a0\u00bbleft\u00a0\u00bb link=\u00a0\u00bburl:%2Fwp-content%2Fuploads%2F2024%2F06%2F2024_Annonce_Coordinateur_C6_CAPAT_JUIN.pdf|target:_blank\u00a0\u00bb el_class=\u00a0\u00bbgreen-btn\u00a0\u00bb][\/vc_column_inner][\/vc_row_inner][\/vc_column][\/vc_row][\/vc_section][vc_section el_id=\u00a0\u00bbpublication\u00a0\u00bb css=\u00a0\u00bb.vc_custom_1753100058267{margin-top: 50px !important;}\u00a0\u00bb][vc_row][vc_column width=\u00a0\u00bb1\/4&Prime; offset=\u00a0\u00bbvc_hidden-sm vc_hidden-xs\u00a0\u00bb][\/vc_column][vc_column width=\u00a0\u00bb3\/4&Prime;][vc_row_inner el_class=\u00a0\u00bbdownload-files\u00a0\u00bb][vc_column_inner width=\u00a0\u00bb1\/4&Prime;][vc_column_text el_class=\u00a0\u00bbhead-line head-line-mobile\u00a0\u00bb css=\u00a0\u00bb.vc_custom_1753100142637{border-bottom-width: 8px !important;border-bottom-color: #e71d73 !important;border-bottom-style: solid !important;}\u00a0\u00bb]Nos publications[\/vc_column_text][\/vc_column_inner][vc_column_inner width=\u00a0\u00bb3\/4&Prime; css=\u00a0\u00bb.vc_custom_1753100264269{margin-top: 50px !important;padding-right: 15px !important;padding-left: 15px !important;}\u00a0\u00bb][vc_column_text]<\/p>\n<h3><span style=\"color: #e71d73;\">Enqu\u00eate nationale<\/span><\/h3>\n<p>&nbsp;<\/p>\n<p><a href=\"\/wp-content\/uploads\/2025\/11\/Rapport_Enquete_nationale_-_Les_organisations_de_patients_au_Luxembourg-1.pdf\" target=\"_blank\" rel=\"noopener\">Rapport Enqu\u00eate nationale &#8211; Les organisations de patients au Luxembourg<\/a><\/p>\n<p><a href=\"\/wp-content\/uploads\/2025\/11\/Enquete_nationale_-_Chiffres_cles.pdf\" target=\"_blank\" rel=\"noopener\">Enqu\u00eate nationale &#8211; Chiffres cl\u00e9s<\/a><img decoding=\"async\" style=\"height: 32px; margin-bottom: -8px; margin-left: 8px;\" src=\"\/wp-content\/uploads\/2025\/11\/Screenshot_2025-11-27_100008.png\" \/><\/p>\n<p><a href=\"\/wp-content\/uploads\/2025\/11\/Communique_de_presse_-_Enquete_nationale_-_27.11.2025.pdf\" target=\"_blank\" rel=\"noopener\">Communiqu\u00e9 de presse &#8211; Enqu\u00eate nationale &#8211; 27.11.2025<\/a>[\/vc_column_text][vc_column_text]<\/p>\n<h3><span style=\"color: #e71d73;\">Documents officiels<\/span><\/h3>\n<p><a href=\"\/wp-content\/uploads\/2026\/03\/Statuts_deposes_2025_RCS.pdf\" target=\"_blank\" rel=\"noopener\">Statuts deposes 2025 RCS<\/a><br \/>\n<a href=\"\/wp-content\/uploads\/2025\/07\/Rapport-dactivite-2024.pdf\" target=\"_blank\" rel=\"noopener\">Rapport d\u2019activit\u00e9 2024<\/a>[\/vc_column_text][vc_column_text]<\/p>\n<h3><span style=\"color: #e71d73;\">Documents utiles<\/span><\/h3>\n<p>&nbsp;<\/p>\n<p><a href=\"https:\/\/capat.lu\/wp-content\/uploads\/2025\/07\/VADEMECUM_-_Guide_pratique_pour_un_site_Web_claire_et_comprehensible-1.pdf\" target=\"_blank\" rel=\"noopener\">VADEMECUM_-_Guide_pratique_pour_un_site_Web_claire_et_comprehensible<\/a><\/p>\n<p><a href=\"https:\/\/capat.lu\/wp-content\/uploads\/2025\/07\/Toolbox_Patient-Partenaire_FR.pdf\" target=\"_blank\" rel=\"noopener\">Toolbox_Patient-Partenaire_FR<\/a><\/p>\n<p><a href=\"https:\/\/capat.lu\/wp-content\/uploads\/2025\/07\/Toolbox_Patient-Partenaire_DE.pdf\" target=\"_blank\" rel=\"noopener\">Toolbox_Patient-Partenaire_DE<\/a>[\/vc_column_text][\/vc_column_inner][\/vc_row_inner][\/vc_column][\/vc_row][\/vc_section][vc_section disable_element=\u00a0\u00bbyes\u00a0\u00bb el_id=\u00a0\u00bbevents\u00a0\u00bb][vc_row][vc_column width=\u00a0\u00bb1\/4&Prime; offset=\u00a0\u00bbvc_hidden-sm vc_hidden-xs\u00a0\u00bb][\/vc_column][vc_column width=\u00a0\u00bb3\/4&Prime;][vc_row_inner][vc_column_inner width=\u00a0\u00bb1\/4&Prime;][vc_column_text el_class=\u00a0\u00bbhead-line head-line-mobile\u00a0\u00bb css=\u00a0\u00bb.vc_custom_1702457678814{border-bottom-width: 8px !important;border-bottom-color: #e71d73 !important;border-bottom-style: solid !important;}\u00a0\u00bb]Events[\/vc_column_text][\/vc_column_inner][vc_column_inner width=\u00a0\u00bb3\/4&Prime;][vc_column_text]<\/p>\n<h3><strong>14 d\u00e9cembre\u00a02023<\/strong><\/h3>\n<p><span style=\"font-size: 40px; line-height: 50px;\">Journ\u00e9e Nationale du Patient Partenaire<\/span>[\/vc_column_text][vc_btn title=\u00a0\u00bbEn savoir plus\u00a0\u00bb style=\u00a0\u00bbcustom\u00a0\u00bb custom_background=\u00a0\u00bb#e71d73&Prime; custom_text=\u00a0\u00bb#ffffff\u00a0\u00bb shape=\u00a0\u00bbsquare\u00a0\u00bb align=\u00a0\u00bbcenter\u00a0\u00bb link=\u00a0\u00bburl:%2Fwp-content%2Fuploads%2F2023%2F12%2FProgramme-Journee-Nationale-Patient-Partenaire-2023.pdf|target:_blank\u00a0\u00bb][\/vc_column_inner][\/vc_row_inner][\/vc_column][\/vc_row][\/vc_section][vc_section el_id=\u00a0\u00bbcontact\u00a0\u00bb css=\u00a0\u00bb.vc_custom_1731495822772{margin-top: 50px !important;}\u00a0\u00bb][vc_row][vc_column][vc_column_text][\/vc_column_text][\/vc_column][\/vc_row][vc_row][vc_column width=\u00a0\u00bb1\/3&Prime;][vc_row_inner][vc_column_inner width=\u00a0\u00bb2\/3&Prime;][vc_column_text el_class=\u00a0\u00bbhead-line\u00a0\u00bb]<\/p>\n<p><strong>Contact<\/strong><\/p>\n<div id=\"gtx-trans\" style=\"position: absolute; left: 44px; top: -11.6px;\">\n<div class=\"gtx-trans-icon\"><\/div>\n<\/div>\n<p>[\/vc_column_text][vc_column_text el_class=\u00a0\u00bbhidden\u00a0\u00bb]<\/p>\n<p><strong>Contact<\/strong><\/p>\n<p>Besoin de plus d&rsquo;informations ? Contactez-nous via le formulaire ou par e-mail.[\/vc_column_text][\/vc_column_inner][vc_column_inner width=\u00a0\u00bb1\/3&Prime;][\/vc_column_inner][\/vc_row_inner][vc_column_text]<strong>CAPAT<\/strong>\u00a0&#8211; Cercle des Associations de Patients asbl<\/p>\n<p><strong>Si\u00e8ge social<\/strong> <strong>:<\/strong><br \/>\n209, rte d\u2019Arlon<br \/>\nL-1150 Luxembourg<\/p>\n<p>&nbsp;<\/p>\n<p><strong>Si\u00e8ge administratif :<\/strong><br \/>\n48, rue du Verger<br \/>\nL-2665 Luxembourg<\/p>\n<p>&nbsp;<\/p>\n<p><strong>E-mail<\/strong> : contact@capat.lu[\/vc_column_text][\/vc_column][vc_column width=\u00a0\u00bb1\/3&Prime;]\n<div class=\"wpcf7 no-js\" id=\"wpcf7-f1-o1\" lang=\"en-US\" dir=\"ltr\" data-wpcf7-id=\"1\">\n<div class=\"screen-reader-response\"><p role=\"status\" aria-live=\"polite\" aria-atomic=\"true\"><\/p> <ul><\/ul><\/div>\n<form action=\"\/index.php?rest_route=%2Fwp%2Fv2%2Fpages%2F4#wpcf7-f1-o1\" method=\"post\" class=\"wpcf7-form init\" aria-label=\"Contact form\" novalidate=\"novalidate\" data-status=\"init\">\n<fieldset class=\"hidden-fields-container\"><input type=\"hidden\" name=\"_wpcf7\" value=\"1\" \/><input type=\"hidden\" name=\"_wpcf7_version\" value=\"6.1.3\" \/><input type=\"hidden\" name=\"_wpcf7_locale\" value=\"en_US\" \/><input type=\"hidden\" name=\"_wpcf7_unit_tag\" value=\"wpcf7-f1-o1\" \/><input type=\"hidden\" name=\"_wpcf7_container_post\" value=\"0\" \/><input type=\"hidden\" name=\"_wpcf7_posted_data_hash\" value=\"\" \/><input type=\"hidden\" name=\"_wpcf7_recaptcha_response\" value=\"\" \/>\n<\/fieldset>\n<p><span class=\"wpcf7-form-control-wrap\" data-name=\"last-name\"><input size=\"40\" maxlength=\"400\" class=\"wpcf7-form-control wpcf7-text wpcf7-validates-as-required\" autocomplete=\"name\" aria-required=\"true\" aria-invalid=\"false\" placeholder=\"Nom *\" value=\"\" type=\"text\" name=\"last-name\" \/><\/span><br \/>\n<span class=\"wpcf7-form-control-wrap\" data-name=\"first-name\"><input size=\"40\" maxlength=\"400\" class=\"wpcf7-form-control wpcf7-text wpcf7-validates-as-required\" autocomplete=\"name\" aria-required=\"true\" aria-invalid=\"false\" placeholder=\"Pr\u00e9nom *\" value=\"\" type=\"text\" name=\"first-name\" \/><\/span><br \/>\n<span class=\"wpcf7-form-control-wrap\" data-name=\"tele\"><input size=\"40\" maxlength=\"400\" class=\"wpcf7-form-control wpcf7-tel wpcf7-text wpcf7-validates-as-tel\" aria-invalid=\"false\" placeholder=\"T\u00e9l\u00e9phone\" value=\"\" type=\"tel\" name=\"tele\" \/><\/span><br \/>\n<span class=\"wpcf7-form-control-wrap\" data-name=\"your-email\"><input size=\"40\" maxlength=\"400\" class=\"wpcf7-form-control wpcf7-email wpcf7-validates-as-required wpcf7-text wpcf7-validates-as-email\" autocomplete=\"email\" aria-required=\"true\" aria-invalid=\"false\" placeholder=\"Email *\" value=\"\" type=\"email\" name=\"your-email\" \/><\/span><br \/>\n<span class=\"wpcf7-form-control-wrap\" data-name=\"your-message\"><textarea cols=\"40\" rows=\"10\" maxlength=\"2000\" class=\"wpcf7-form-control wpcf7-textarea\" aria-invalid=\"false\" placeholder=\"Message\" name=\"your-message\"><\/textarea><\/span>\n<\/p>\n<p><input class=\"wpcf7-form-control wpcf7-submit has-spinner\" type=\"submit\" value=\"Envoyez\" \/>\n<\/p><div class=\"wpcf7-response-output\" aria-hidden=\"true\"><\/div>\n<\/form>\n<\/div>\n[\/vc_column][vc_column width=\u00a0\u00bb1\/3&Prime;][vc_gmaps link=\u00a0\u00bb#E-8_JTNDaWZyYW1lJTIwc3JjJTNEJTIyaHR0cHMlM0ElMkYlMkZ3d3cuZ29vZ2xlLmNvbSUyRm1hcHMlMkZlbWJlZCUzRnBiJTNEJTIxMW0xOCUyMTFtMTIlMjExbTMlMjExZDEwMzQwLjQyOTU2NDczMTY0MSUyMTJkNi4wOTc5MzUwMzQ2NTM4NCUyMTNkNDkuNjE0NTgwMDMxMDU3MzY1JTIxMm0zJTIxMWYwJTIxMmYwJTIxM2YwJTIxM20yJTIxMWkxMDI0JTIxMmk3NjglMjE0ZjEzLjElMjEzbTMlMjExbTIlMjExczB4NDc5NTRlY2M3YTNkYzM4MSUyNTNBMHhkNTYyZWI2MWJhNTg0NzZkJTIxMnMyMDklMjUyMFJ0ZSUyNTIwZCUyNiUyMzM5JTNCQXJsb24lMjUyQyUyNTIwMTE1MCUyNTIwQmVsYWlyJTI1MjBMdXhlbWJvdXJnJTIxNWUwJTIxM20yJTIxMXNlbiUyMTJzZGUlMjE0djE3MDIwNjA3NzIzMDklMjE1bTIlMjExc2VuJTIxMnNkZSUyMiUyMHdpZHRoJTNEJTIyNjAwJTIyJTIwaGVpZ2h0JTNEJTIyNDUwJTIyJTIwc3R5bGUlM0QlMjJib3JkZXIlM0EwJTNCJTIyJTIwYWxsb3dmdWxsc2NyZWVuJTNEJTIyJTIyJTIwbG9hZGluZyUzRCUyMmxhenklMjIlMjByZWZlcnJlcnBvbGljeSUzRCUyMm5vLXJlZmVycmVyLXdoZW4tZG93bmdyYWRlJTIyJTNFJTNDJTJGaWZyYW1lJTNF\u00a0\u00bb][\/vc_column][\/vc_row][\/vc_section]<\/p>\n<\/div>","protected":false},"excerpt":{"rendered":"<p>[vc_section el_id=\u00a0\u00bbwho-we-are\u00a0\u00bb css=\u00a0\u00bb.vc_custom_1702054151875{margin-top: 50px !important;}\u00a0\u00bb][vc_row][vc_column width=\u00a0\u00bb3\/12&Prime; offset=\u00a0\u00bbvc_hidden-sm vc_hidden-xs\u00a0\u00bb][vc_single_image image=\u00a0\u00bb11&Prime; img_size=\u00a0\u00bbfull\u00a0\u00bb el_id=\u00a0\u00bblogo-background\u00a0\u00bb][\/vc_column][vc_column width=\u00a0\u00bb9\/12&Prime;][vc_row_inner][vc_column_inner width=\u00a0\u00bb1\/4&Prime;][vc_column_text el_class=\u00a0\u00bbhead-line head-line-mobile\u00a0\u00bb css=\u00a0\u00bb.vc_custom_1702457549711{border-bottom-width: 8px !important;border-bottom-color: #3fb498 !important;border-bottom-style: solid !important;}\u00a0\u00bb]Qui sommes nous[\/vc_column_text][\/vc_column_inner][vc_column_inner width=\u00a0\u00bb3\/4&Prime;][vc_single_image image=\u00a0\u00bb267&Prime;<span class=\"excerpt-hellip\"> [\u2026]<\/span><\/p>\n","protected":false},"author":1,"featured_media":0,"parent":0,"menu_order":0,"comment_status":"closed","ping_status":"closed","template":"","meta":{"footnotes":""},"class_list":["post-4","page","type-page","status-publish","hentry"],"yoast_head":"<!-- This site is optimized with the Yoast SEO plugin v26.3 - https:\/\/yoast.com\/wordpress\/plugins\/seo\/ -->\n<title>Home - Capat<\/title>\n<meta name=\"robots\" content=\"index, follow, max-snippet:-1, max-image-preview:large, max-video-preview:-1\" \/>\n<link rel=\"canonical\" href=\"https:\/\/capat.lu\/\" \/>\n<meta property=\"og:locale\" content=\"fr_FR\" \/>\n<meta property=\"og:type\" content=\"article\" \/>\n<meta property=\"og:title\" content=\"Home - Capat\" \/>\n<meta property=\"og:description\" content=\"[vc_section el_id=\u00a0\u00bbwho-we-are\u00a0\u00bb css=\u00a0\u00bb.vc_custom_1702054151875{margin-top: 50px !important;}\u00a0\u00bb][vc_row][vc_column width=\u00a0\u00bb3\/12&Prime; offset=\u00a0\u00bbvc_hidden-sm vc_hidden-xs\u00a0\u00bb][vc_single_image image=\u00a0\u00bb11&Prime; img_size=\u00a0\u00bbfull\u00a0\u00bb el_id=\u00a0\u00bblogo-background\u00a0\u00bb][\/vc_column][vc_column width=\u00a0\u00bb9\/12&Prime;][vc_row_inner][vc_column_inner width=\u00a0\u00bb1\/4&Prime;][vc_column_text el_class=\u00a0\u00bbhead-line head-line-mobile\u00a0\u00bb css=\u00a0\u00bb.vc_custom_1702457549711{border-bottom-width: 8px !important;border-bottom-color: #3fb498 !important;border-bottom-style: solid !important;}\u00a0\u00bb]Qui sommes nous[\/vc_column_text][\/vc_column_inner][vc_column_inner width=\u00a0\u00bb3\/4&Prime;][vc_single_image image=\u00a0\u00bb267&Prime; [\u2026]\" \/>\n<meta property=\"og:url\" content=\"https:\/\/capat.lu\/\" \/>\n<meta property=\"og:site_name\" content=\"Capat\" \/>\n<meta property=\"article:modified_time\" content=\"2026-03-03T09:05:25+00:00\" \/>\n<meta name=\"twitter:card\" content=\"summary_large_image\" \/>\n<meta name=\"twitter:label1\" content=\"Dur\u00e9e de lecture estim\u00e9e\" \/>\n\t<meta name=\"twitter:data1\" content=\"8 minutes\" \/>\n<script type=\"application\/ld+json\" class=\"yoast-schema-graph\">{\"@context\":\"https:\/\/schema.org\",\"@graph\":[{\"@type\":\"WebPage\",\"@id\":\"https:\/\/capat.lu\/\",\"url\":\"https:\/\/capat.lu\/\",\"name\":\"Home - Capat\",\"isPartOf\":{\"@id\":\"https:\/\/capat.lu\/#website\"},\"datePublished\":\"2023-12-08T12:56:37+00:00\",\"dateModified\":\"2026-03-03T09:05:25+00:00\",\"breadcrumb\":{\"@id\":\"https:\/\/capat.lu\/#breadcrumb\"},\"inLanguage\":\"fr-FR\",\"potentialAction\":[{\"@type\":\"ReadAction\",\"target\":[\"https:\/\/capat.lu\/\"]}]},{\"@type\":\"BreadcrumbList\",\"@id\":\"https:\/\/capat.lu\/#breadcrumb\",\"itemListElement\":[{\"@type\":\"ListItem\",\"position\":1,\"name\":\"Home\",\"item\":\"https:\/\/capat.lu\/\"},{\"@type\":\"ListItem\",\"position\":2,\"name\":\"Home\"}]},{\"@type\":\"WebSite\",\"@id\":\"https:\/\/capat.lu\/#website\",\"url\":\"https:\/\/capat.lu\/\",\"name\":\"Capat\",\"description\":\"Capat\",\"potentialAction\":[{\"@type\":\"SearchAction\",\"target\":{\"@type\":\"EntryPoint\",\"urlTemplate\":\"https:\/\/capat.lu\/?s={search_term_string}\"},\"query-input\":{\"@type\":\"PropertyValueSpecification\",\"valueRequired\":true,\"valueName\":\"search_term_string\"}}],\"inLanguage\":\"fr-FR\"}]}<\/script>\n<!-- \/ Yoast SEO plugin. -->","yoast_head_json":{"title":"Home - Capat","robots":{"index":"index","follow":"follow","max-snippet":"max-snippet:-1","max-image-preview":"max-image-preview:large","max-video-preview":"max-video-preview:-1"},"canonical":"https:\/\/capat.lu\/","og_locale":"fr_FR","og_type":"article","og_title":"Home - Capat","og_description":"[vc_section el_id=\u00a0\u00bbwho-we-are\u00a0\u00bb css=\u00a0\u00bb.vc_custom_1702054151875{margin-top: 50px !important;}\u00a0\u00bb][vc_row][vc_column width=\u00a0\u00bb3\/12&Prime; offset=\u00a0\u00bbvc_hidden-sm vc_hidden-xs\u00a0\u00bb][vc_single_image image=\u00a0\u00bb11&Prime; img_size=\u00a0\u00bbfull\u00a0\u00bb el_id=\u00a0\u00bblogo-background\u00a0\u00bb][\/vc_column][vc_column width=\u00a0\u00bb9\/12&Prime;][vc_row_inner][vc_column_inner width=\u00a0\u00bb1\/4&Prime;][vc_column_text el_class=\u00a0\u00bbhead-line head-line-mobile\u00a0\u00bb css=\u00a0\u00bb.vc_custom_1702457549711{border-bottom-width: 8px !important;border-bottom-color: #3fb498 !important;border-bottom-style: solid !important;}\u00a0\u00bb]Qui sommes nous[\/vc_column_text][\/vc_column_inner][vc_column_inner width=\u00a0\u00bb3\/4&Prime;][vc_single_image image=\u00a0\u00bb267&Prime; [\u2026]","og_url":"https:\/\/capat.lu\/","og_site_name":"Capat","article_modified_time":"2026-03-03T09:05:25+00:00","twitter_card":"summary_large_image","twitter_misc":{"Dur\u00e9e de lecture estim\u00e9e":"8 minutes"},"schema":{"@context":"https:\/\/schema.org","@graph":[{"@type":"WebPage","@id":"https:\/\/capat.lu\/","url":"https:\/\/capat.lu\/","name":"Home - Capat","isPartOf":{"@id":"https:\/\/capat.lu\/#website"},"datePublished":"2023-12-08T12:56:37+00:00","dateModified":"2026-03-03T09:05:25+00:00","breadcrumb":{"@id":"https:\/\/capat.lu\/#breadcrumb"},"inLanguage":"fr-FR","potentialAction":[{"@type":"ReadAction","target":["https:\/\/capat.lu\/"]}]},{"@type":"BreadcrumbList","@id":"https:\/\/capat.lu\/#breadcrumb","itemListElement":[{"@type":"ListItem","position":1,"name":"Home","item":"https:\/\/capat.lu\/"},{"@type":"ListItem","position":2,"name":"Home"}]},{"@type":"WebSite","@id":"https:\/\/capat.lu\/#website","url":"https:\/\/capat.lu\/","name":"Capat","description":"Capat","potentialAction":[{"@type":"SearchAction","target":{"@type":"EntryPoint","urlTemplate":"https:\/\/capat.lu\/?s={search_term_string}"},"query-input":{"@type":"PropertyValueSpecification","valueRequired":true,"valueName":"search_term_string"}}],"inLanguage":"fr-FR"}]}},"_links":{"self":[{"href":"https:\/\/capat.lu\/index.php?rest_route=\/wp\/v2\/pages\/4","targetHints":{"allow":["GET"]}}],"collection":[{"href":"https:\/\/capat.lu\/index.php?rest_route=\/wp\/v2\/pages"}],"about":[{"href":"https:\/\/capat.lu\/index.php?rest_route=\/wp\/v2\/types\/page"}],"author":[{"embeddable":true,"href":"https:\/\/capat.lu\/index.php?rest_route=\/wp\/v2\/users\/1"}],"replies":[{"embeddable":true,"href":"https:\/\/capat.lu\/index.php?rest_route=%2Fwp%2Fv2%2Fcomments&post=4"}],"version-history":[{"count":133,"href":"https:\/\/capat.lu\/index.php?rest_route=\/wp\/v2\/pages\/4\/revisions"}],"predecessor-version":[{"id":293,"href":"https:\/\/capat.lu\/index.php?rest_route=\/wp\/v2\/pages\/4\/revisions\/293"}],"wp:attachment":[{"href":"https:\/\/capat.lu\/index.php?rest_route=%2Fwp%2Fv2%2Fmedia&parent=4"}],"curies":[{"name":"wp","href":"https:\/\/api.w.org\/{rel}","templated":true}]}}